{"version":"1.0","provider_name":"Cake by fari ","provider_url":"https:\/\/cakebyfari.cafeblog.hu","author_name":"Farkas Rich\u00e1rd","author_url":"https:\/\/cakebyfari.cafeblog.hu\/author\/farkas_richard\/","title":"Snickers szelet","html":"<p><img class=\"alignnone wp-image-369 size-full\" src=\"https:\/\/cakebyfari.cafeblog.hu\/files\/2018\/07\/IMG_5331.jpg\" alt=\"\" width=\"1685\" height=\"2048\" \/><\/p>\r\n<p>Szerintem senkinek sem kell bemutatni ezt az \u00e9dess\u00e9get mivel kb mindenkinek a kedvence . Otthon mindig nagy sikere van ennek a s\u00fctinek \u00e9s v\u00e1rhat\u00f3an 1 \u00f3ra alatt el is fogy .\u00a0<\/p>\r\n<p>&nbsp;<\/p>\r\n<p><strong>Hozz\u00e1val\u00f3k a t\u00e9szt\u00e1hoz :<\/strong><\/p>\r\n<ul>\r\n<li>100 g finomliszt<\/li>\r\n<li>50 g porcukor<\/li>\r\n<li>50 g vaj<\/li>\r\n<li>1 db toj\u00e1ss\u00e1rg\u00e1ja<\/li>\r\n<li>1 csipet s\u00f3<\/li>\r\n<\/ul>\r\n<p><strong>Hozz\u00e1val\u00f3k a karamell r\u00e9teghez :<\/strong><\/p>\r\n<ul>\r\n<li>200 g porcukor<\/li>\r\n<li>60 ml \u00a0sz\u00f3jatej<\/li>\r\n<li>2 ek vaj<\/li>\r\n<li>50 g s\u00f3s mogyor\u00f3<\/li>\r\n<\/ul>\r\n<p><strong>Hozz\u00e1val\u00f3k a csokis r\u00e9teghez :<\/strong><\/p>\r\n<ul>\r\n<li>100 g tejcsoki<\/li>\r\n<\/ul>\r\n<p>&nbsp;<\/p>\r\n<p><img class=\"alignnone wp-image-370 size-full\" src=\"https:\/\/cakebyfari.cafeblog.hu\/files\/2018\/07\/IMG_5338.jpg\" alt=\"\" width=\"1536\" height=\"2048\" \/><\/p>\r\n<p><strong>Elk\u00e9sz\u00edt\u00e9s :<\/strong><\/p>\r\n<ol>\r\n<li>A lisztet a porcukrot \u00e9s a vajat , k\u00e9zzel \u00f6sszedolgozzuk majd hozz\u00e1adjuk a toj\u00e1st \u00e9s a s\u00f3t .<\/li>\r\n<li>Egy 18 cm tortaform\u00e1ba rakjuk a t\u00e9szt\u00e1t \u00e9s ellapogatjuk rajta . ( ha valaki tart t\u0151le hogy meg\u00e9g a t\u00e9szta akkor rakhat s\u00fct\u0151pap\u00edrt al\u00e1 )<\/li>\r\n<li>20-25 percig s\u00fctj\u00fck ( akkor t\u00f6k\u00e9letes ha a sz\u00e9le elkezd egy kiss\u00e9 barnulni )<\/li>\r\n<li>A t\u00e9szt\u00e1t leh\u0171tj\u00fck \u00e9s addig elk\u00e9sz\u00edtj\u00fck a karamellt .<\/li>\r\n<li>A porcukrot egy l\u00e1basba \u00f6ntj\u00fck \u00e9s megv\u00e1rjuk am\u00edg elolvad .<\/li>\r\n<li>Ha kezd borosty\u00e1n sz\u00edn\u0171 lenni akkor hozz\u00e1adjuk a tejet , majd ut\u00e1na a vajat .<\/li>\r\n<li>Levessz\u00fck a t\u0171zr\u0151l \u00e9s hozz\u00e1adjuk a s\u00f3s mogyit .<\/li>\r\n<li>R\u00e1kanalazzuk a t\u00e9szt\u00e1ra majd ism\u00e9t leh\u0171tj\u00fck .<\/li>\r\n<li>V\u00e9gs\u0151 l\u00e9p\u00e9sk\u00e9nt megolvasztjuk a csokit .<\/li>\r\n<li>Ezt a l\u00e9p\u00e9st v\u00e9gezhetj\u00fck mikr\u00f3ban vagy ak\u00e1r g\u0151z f\u00f6l\u00f6tt is .<\/li>\r\n<li>A csokit r\u00e1\u00f6ntj\u00fck a karamell\u00e1s mogyor\u00f3s r\u00e9tegre \u00e9s egy ecsettel elegyengetj\u00fck rajta .<\/li>\r\n<li>Ha ez k\u00e9sz akkor mehet is a h\u0171t\u0151be egy \u00e9jszak\u00e1ra .<\/li>\r\n<\/ol>\r\n<p><img class=\"alignnone wp-image-371 size-full\" src=\"https:\/\/cakebyfari.cafeblog.hu\/files\/2018\/07\/IMG_5340.jpg\" alt=\"\" width=\"1536\" height=\"2048\" \/><\/p>\r\n<p>&nbsp;<\/p>","type":"rich","thumbnail_url":"https:\/\/cakebyfari.cafeblog.hu\/files\/2018\/07\/IMG_5338-150x150.jpg","thumbnail_width":150,"thumbnail_height":150}